{"id":242,"date":"2017-06-12T09:07:40","date_gmt":"2017-06-12T08:07:40","guid":{"rendered":"http:\/\/www.plakat-raum-gesellschaft.ch\/web2017\/?page_id=242"},"modified":"2017-06-12T09:11:09","modified_gmt":"2017-06-12T08:11:09","slug":"statuten","status":"publish","type":"page","link":"https:\/\/www.plakat-raum-gesellschaft.ch\/index.php\/statuten\/","title":{"rendered":"Statuten"},"content":{"rendered":"<h3>I. Name, Sitz und Zweck<\/h3>\n<h5>Art. 1 Name und Sitz<\/h5>\n<p>Unter dem Namen IG Plakat\/Raum\/Gesellschaft besteht ein gemeinn\u00fctziger, politisch und konfessionell neutraler Verein im Sinne von Art. 60ff. des Schweizerischen Zivilgesetzbuchs mit Sitz in Z\u00fcrich.<\/p>\n<h5>Art. 2 Zweck<\/h5>\n<p>Zweck des Vereins ist die Reduktion der von \u00f6ffentlichem Grund aus sichtbaren Werbefl\u00e4chen in Stadt und Kanton Z\u00fcrich im Sinne einer Aufwertung des \u00f6ffentlichen Raums. Langfristiges Ziel ist eine Stadt und ein Kanton grunds\u00e4tzlich ohne Aussenwerbung.<\/p>\n<h3>II. Mitgliedschaft<\/h3>\n<h5>Art. 3 Aufnahme<\/h5>\n<p>Mitglieder k\u00f6nnen nat\u00fcrliche und juristische Personen sowie Handelsgesellschaften ohne Rechtspers\u00f6nlichkeit werden. Die Aufnahme in den Verein erfolgt durch Beschluss des Vorstandes. Ein Mitglied kann unbegr\u00fcndet abgelehnt werden.<\/p>\n<h5>Art. 4 Beendigung<\/h5>\n<p>Die Mitgliedschaft erlischt durch schriftliche Mitteilung des Mitglieds jeweils auf Ende des Kalenderjahrs, durch Ausschluss durch die Mitgliederversammlung, durch Vorstandsbeschluss nach erfolgloser Mahnung wegen Nichtbezahlung des Mitgliederbeitrags oder durch Tod.<\/p>\n<h3>III. Organe<\/h3>\n<h5>Art. 5 Organe<\/h5>\n<p>Die Organe des Vereins sind die Mitgliederversammlung und der Vorstand.<\/p>\n<h5>Art. 6 Wahlen<\/h5>\n<p>Die Organe fassen die Beschl\u00fcsse und vollziehen ihre Wahlen in offener Abstimmung.<\/p>\n<h3>IV. Organisation<\/h3>\n<h5>Art. 7 Mitgliederversammlung<\/h5>\n<p>Die Mitgliederversammlung ist das oberste Vereinsorgan. Sie findet mindestens einmal j\u00e4hrlich im ersten Semester des Kalenderjahres statt. Ihr stehen insbesondere folgende Befugnisse zu:<\/p>\n<ul>\n<li>Wahl des Vorstands und des Pr\u00e4sidenten\/der Pr\u00e4sidentin<\/li>\n<li>Abnahme von Jahresbericht und Jahresrechnung<\/li>\n<li>Beschlussfassung \u00fcber \u00c4nderungen der Statuten<\/li>\n<li>Beschlussfassung \u00fcber Ausschluss von Mitgliedern<\/li>\n<\/ul>\n<p>Die Einberufung der Mitgliederversammlung erfolgt schriftlich durch den Vorstand mindestens 10 Tage vor dem Versammlungstag unter Angabe der zu behandelnden Gesch\u00e4fte. Ein F\u00fcnftel der Vereinsmitglieder kann beim Vorstand die Einberufung einer ausserordentlichen Mitgliederversammlung beantragen, zu welcher innert 30 Tagen vorgeladen werden muss.<\/p>\n<p>Die Beschl\u00fcsse der Mitgliederversammlung erfolgen mit einfachem Mehr aller anwesenden Mitglieder. Jedes Mitglied hat eine Stimme. F\u00fcr den Ausschluss von Mitgliedern sind mindestens zwei Drittel der an der Mitgliederversammlung vertretenen Stimmen erforderlich.<\/p>\n<h5>Art. 8 Vorstand<\/h5>\n<p>Der Vorstand besteht aus mindestens zwei\u00a0Mitgliedern, die f\u00fcr die Dauer von einem Jahr gew\u00e4hlt werden. Der Vorstand konstituiert sich mit Ausnahme des Pr\u00e4sidiums selbst und bestimmt die zeichnungsberechtigten Vorstandsmitglieder, welche kollektiv zu Zweien zeichnungsberechtigt sind.<\/p>\n<p>Vorstandsmitglied kann jede nat\u00fcrliche Person werden, die dadurch nicht in einen Interessenskonflikt ger\u00e4t.<\/p>\n<p>Dem Vorstand obliegt die Oberleitung des Vereins. Er besorgt die laufenden Gesch\u00e4fte und die Vertretung des Vereins nach aussen.<\/p>\n<p>Vorstandsbeschl\u00fcsse bed\u00fcrfen der Mehrheit der gew\u00e4hlten Vorstandsmitglieder. Bei Stimmengleichheit entscheidet die Stimme des Pr\u00e4sidenten \/ der Pr\u00e4sidentin. F\u00fcr Zirkulationsbeschl\u00fcsse bedarf es der Zustimmung aller Mitglieder.<\/p>\n<h3>V. Finanzierung<\/h3>\n<h5>Art. 9 Mittelherkunft<\/h5>\n<p>Der Verein finanziert sich aus<\/p>\n<ul>\n<li>den Mitgliederbeitr\u00e4gen<\/li>\n<li>freiwilligen Zuwendungen<\/li>\n<\/ul>\n<p>Der j\u00e4hrliche Mitgliederbeitrag betr\u00e4gt CHF 25.- f\u00fcr nat\u00fcrliche und CHF 100.- f\u00fcr juristische Personen und Handelsgesellschaften ohne Rechtspers\u00f6nlichkeit.<\/p>\n<h5>Art. 10 Haftung<\/h5>\n<p>F\u00fcr die Verbindlichkeiten haftet ausschliesslich das Vereinsverm\u00f6gen. Jede pers\u00f6nliche Haftung oder Nachschusspflicht f\u00fcr Vereinsmitglieder ist ausgeschlossen.<\/p>\n<h3>VI. Aufl\u00f6sung und Schlussbestimmungen<\/h3>\n<h5>Art. 11 Aufl\u00f6sung<\/h5>\n<p>Ein Aufl\u00f6sungsentscheid bedarf einer Dreiviertelmehrheit an einer eigens zu diesem Zweck einberufenen Mitgliederversammlung.<\/p>\n<p>Bei Aufl\u00f6sung des Vereins geht das Verm\u00f6gen an einen gemeinn\u00fctzigen Verein mit vergleichbarem Zweck.<\/p>\n<p>Diese Statuten wurden an der Gr\u00fcndungsversammlung vom 29. M\u00e4rz 2006 beschlossen.<\/p>\n<p>Der Gr\u00fcndungspr\u00e4sident<br \/>\nKristian Marti<\/p>\n<p>Die Protokollf\u00fchrerin<br \/>\nAjuni Burk<\/p>\n","protected":false},"excerpt":{"rendered":"<p>I. Name, Sitz und Zweck Art. 1 Name und Sitz Unter dem Namen IG Plakat\/Raum\/Gesellschaft besteht ein gemeinn\u00fctziger, politisch und konfessionell neutraler Verein im Sinne von Art. 60ff. des Schweizerischen Zivilgesetzbuchs mit Sitz in Z\u00fcrich. Art. 2 Zweck Zweck des Vereins ist die Reduktion der von \u00f6ffentlichem Grund aus sichtbaren Werbefl\u00e4chen in Stadt und Kanton Z\u00fcrich im Sinne einer Aufwertung des \u00f6ffentlichen Raums. Langfristiges Ziel ist eine Stadt und ein&hellip; <a href=\"https:\/\/www.plakat-raum-gesellschaft.ch\/index.php\/statuten\/\" class=\"more-link\">Weiterlesen <span class=\"meta-nav\">&rarr;<\/span><\/a><\/p>\n","protected":false},"author":1,"featured_media":0,"parent":0,"menu_order":0,"comment_status":"closed","ping_status":"closed","template":"","meta":{"footnotes":""},"class_list":["post-242","page","type-page","status-publish","hentry"],"_links":{"self":[{"href":"https:\/\/www.plakat-raum-gesellschaft.ch\/index.php\/wp-json\/wp\/v2\/pages\/242","targetHints":{"allow":["GET"]}}],"collection":[{"href":"https:\/\/www.plakat-raum-gesellschaft.ch\/index.php\/wp-json\/wp\/v2\/pages"}],"about":[{"href":"https:\/\/www.plakat-raum-gesellschaft.ch\/index.php\/wp-json\/wp\/v2\/types\/page"}],"author":[{"embeddable":true,"href":"https:\/\/www.plakat-raum-gesellschaft.ch\/index.php\/wp-json\/wp\/v2\/users\/1"}],"replies":[{"embeddable":true,"href":"https:\/\/www.plakat-raum-gesellschaft.ch\/index.php\/wp-json\/wp\/v2\/comments?post=242"}],"version-history":[{"count":4,"href":"https:\/\/www.plakat-raum-gesellschaft.ch\/index.php\/wp-json\/wp\/v2\/pages\/242\/revisions"}],"predecessor-version":[{"id":248,"href":"https:\/\/www.plakat-raum-gesellschaft.ch\/index.php\/wp-json\/wp\/v2\/pages\/242\/revisions\/248"}],"wp:attachment":[{"href":"https:\/\/www.plakat-raum-gesellschaft.ch\/index.php\/wp-json\/wp\/v2\/media?parent=242"}],"curies":[{"name":"wp","href":"https:\/\/api.w.org\/{rel}","templated":true}]}}