{"id":249,"date":"2017-06-12T09:15:19","date_gmt":"2017-06-12T08:15:19","guid":{"rendered":"http:\/\/www.plakat-raum-gesellschaft.ch\/web2017\/?page_id=249"},"modified":"2025-11-27T21:02:53","modified_gmt":"2025-11-27T20:02:53","slug":"in-der-presse","status":"publish","type":"page","link":"https:\/\/www.plakat-raum-gesellschaft.ch\/index.php\/in-der-presse\/","title":{"rendered":"Medienspiegel"},"content":{"rendered":"<p><img loading=\"lazy\" decoding=\"async\" class=\"alignnone size-full wp-image-645\" src=\"https:\/\/www.plakat-raum-gesellschaft.ch\/web2017\/wp-content\/uploads\/2017\/06\/medienspiegel.jpg\" alt=\"Der Medienspiegel der IG PRG\" width=\"640\" height=\"250\" srcset=\"https:\/\/www.plakat-raum-gesellschaft.ch\/wp-content\/uploads\/2017\/06\/medienspiegel.jpg 640w, https:\/\/www.plakat-raum-gesellschaft.ch\/wp-content\/uploads\/2017\/06\/medienspiegel-300x117.jpg 300w\" sizes=\"auto, (max-width: 640px) 100vw, 640px\" \/><\/p>\n<p>Die IG Plakat | Raum | Gesellschaft erh\u00e4lt immer wieder Presseanfragen zu Themen der Aussenwerbung.\u00a0Schreiben Sie uns eine <a href=\"mailto:christian.haenggi@plakat-raum-gesellschaft.ch\">E-Mail<\/a>, falls wir etwas in unserem Medienspiegel \u00fcbersehen haben.<\/p>\n<h3>2025<\/h3>\n<p>23.04.25: Infosperber: <a href=\"https:\/\/www.infosperber.ch\/wirtschaft\/werbung-und-pr\/fadenscheinige-argumente-fuer-bildschirmwerbung-in-der-stadt\/\" target=\"_blank\" rel=\"noopener\">Fadenscheinige Argumente f\u00fcr Bildschirmwerbung in der Stadt<\/a><\/p>\n<p>03.04.25: Tele Z: <a href=\"https:\/\/www.telez.ch\/aktuell-03-04-2025_56985\/\">Aktuell<\/a><\/p>\n<p>29.03.25: NZZ: <a href=\"https:\/\/www.nzz.ch\/zuerich\/werbeverbot-in-zuerich-der-werber-frank-bodin-kritisiert-den-verbotswahsinn-ld.1877019\">Seit 20 Jahren k\u00e4mpft Christian H\u00e4nggi gegen Werbeplakate. Er sagt: \u00abDas hat doch etwas Autorit\u00e4res, etwas Faschistisches\u00bb<\/a><\/p>\n<p>20.03.25: Tages-Anzeiger: <a href=\"https:\/\/www.tagesanzeiger.ch\/zuerich-linke-parteien-setzen-werbeverbot-durch-das-sind-die-folgen-870569710488\">Linke setzen Werbeverbot durch \u2013 das bedeutet der Entscheid f\u00fcr Z\u00fcrich<\/a><\/p>\n<p>20.03.25: Klein Report: <a href=\"https:\/\/kleinreport.ch\/news\/zurcher-gemeinderat-stimmt-ganz-knapp-fur-aussenwerbe-verbot-105883\/\" target=\"_blank\" rel=\"noopener\">Z\u00fcrcher Gemeinderat stimmt knapp f\u00fcr Aussenwerbe-Verbot: 1 Stimme wars<\/a><\/p>\n<h3>2024<\/h3>\n<p>19.09.24: ts\u00fcri.ch: <a href=\"https:\/\/tsri.ch\/a\/gut-fuers-klima-schlecht-fuer-die-stadtkasse-petition-fordert-werbeverbot-in-zuerich\">Gut f\u00fcrs Klima, schlecht f\u00fcr die Stadtkasse \u2013 Petition fordert Werbeverbot in Z\u00fcrich<\/a><\/p>\n<p>17.09.24: Infosperber: <a href=\"https:\/\/www.infosperber.ch\/wirtschaft\/werbung-und-pr\/die-branche-operiert-mit-fantasiezahlen\/\">\u00abDie Branche operiert mit Fantasiezahlen\u00bb<\/a><\/p>\n<p>21.08.24: Radio SRF, Regionaljournal Z\u00fcrich Schaffhausen: <a href=\"https:\/\/www.srf.ch\/audio\/regionaljournal-zuerich-schaffhausen\/plakatgesellschaft-schaltet-werbung-gegen-sich-selbst?id=12644138\" target=\"_blank\" rel=\"noopener\">Plakatgesellschaft schaltet Werbung gegen sich selbst<\/a><\/p>\n<p>14.08.24: Infosperber: <a href=\"https:\/\/www.infosperber.ch\/wirtschaft\/die-plakatgesellschaft-uebt-zensur\/\" target=\"_blank\" rel=\"noopener\">Die Plakatgesellschaft \u00fcbt Zensur<\/a><\/p>\n<p>02.08.24: Ecopaper: <a href=\"https:\/\/www.ecopaper.ch\/news\/keine-werbung-gegen-werbung\" target=\"_blank\" rel=\"noopener\">Keine Werbung gegen Werbung<\/a><\/p>\n<p>01.08.24: Klein Report: <a href=\"https:\/\/kleinreport.ch\/news\/ig-plakat-blitzt-mit-plakatierungswunsch-bei-apg-ab-104578\/\" target=\"_blank\" rel=\"noopener\">IG Plakat blitzt mit Plakatierungswunsch bei APG ab<\/a><\/p>\n<p>30.07.24: Persoenlich.com: <a href=\"https:\/\/persoenlich.com\/marketing\/kein-platz-fur-botschaft-von-werbekritiker\" target=\"_blank\" rel=\"noopener\">Kein Platz f\u00fcr Botschaft von Werbekritiker<\/a><\/p>\n<h3>2023<\/h3>\n<p>27.11.23: Persoenlich.com: <a href=\"https:\/\/persoenlich.com\/kategorie-werbung\/offener-brief-soll-zur-diskussion-anregen\">Offener Brief soll zur Diskussion anregen<\/a><\/p>\n<p>24.11.23: Le Temps: <a href=\"https:\/\/www.letemps.ch\/opinions\/debats\/resistons-a-la-publicite-commerciale-nocive\">R\u00e9sistons \u00e0 la publicit\u00e9 commerciale nocive!<\/a><\/p>\n<p>06.10.23: Le Courrier: <a href=\"https:\/\/lecourrier.ch\/2023\/10\/06\/resister-a-la-publicite-commerciale-nocive\/\" target=\"_blank\" rel=\"noopener\">R\u00e9sister \u00e0 la publicit\u00e9 commerciale nocive<\/a><\/p>\n<p>26.03.23: Infosperber: <a href=\"https:\/\/www.infosperber.ch\/wirtschaft\/werbung-und-pr\/werbescreen-verbot-linkes-parlament-stoppt-linke-exekutive\/\">Werbescreen-Verbot: Linkes Parlament stoppt linke Exekutive<\/a><\/p>\n<p>23.03.23: Ts\u00fcri: <a href=\"https:\/\/tsri.ch\/a\/RiCmT8Ja52e6mDHx\/gemeinderats-briefing-36-stadt-muss-werbeflaechen-den-stecker-ziehen-kunsthaus-subventionsvertrag\">Gemeinderats-Briefing #36: Werbebildschirmen den Stecker ziehen<\/a><\/p>\n<p>22.03.23: Tages-Anzeiger: <a href=\"https:\/\/www.tagesanzeiger.ch\/nun-geht-es-digitalen-werbebildschirmen-an-den-kragen-375919065091\" target=\"_blank\" rel=\"noopener\">Digitale Werbe\u00adbildschirme sollen entsorgt werden<\/a><\/p>\n<h3>2022<\/h3>\n<p>30.11.22: Horizont: <a href=\"https:\/\/www.horizont.net\/schweiz\/nachrichten\/werbeverbote-wie-die-aussenwerbung-unter-druck-geraet-204554\" target=\"_blank\" rel=\"noopener\">Wie die Aussenwerbung unter Druck ger\u00e4t<\/a><\/p>\n<p>28.09.22: Infosperber: <a href=\"https:\/\/www.infosperber.ch\/wirtschaft\/werbung-und-pr\/dieser-werbung-kann-niemand-ausweichen\/\">\u00abDieser Werbung kann niemand ausweichen\u00bb<\/a><\/p>\n<p>19.09.22: CH Media\/Watson: <a href=\"https:\/\/www.watson.ch\/!916186157\" target=\"_blank\" rel=\"noopener\">Politiker wollen Werbebildschirme wegen Strom stoppen \u2013 doch die Agenturen bauen aus<\/a><\/p>\n<p>07.09.22: Persoenlich.com: <a href=\"https:\/\/www.persoenlich.com\/digital\/zurcher-linke-fordert-ausbaustopp\" target=\"_blank\" rel=\"noopener\">Z\u00fcrcher Linke fordert Ausbaustopp<\/a><\/p>\n<p>07.09.22: NZZ: Linke wollen digitale Werbe-Screens abschalten. <a href=\"https:\/\/www.nzz.ch\/zuerich\/strom-in-zuerich-linke-wollen-digitale-werbescreens-abschalten-ld.1701371\" target=\"_blank\" rel=\"noopener\">Online-Fassung<\/a> (06.09.22.)<\/p>\n<p>30.06.22: Infosperber: <a href=\"https:\/\/www.infosperber.ch\/wirtschaft\/werbung-und-pr\/werbescreens-wegen-stromverbrauch-ausbau-stopp-gefordert\/\" target=\"_blank\" rel=\"noopener\">Werbescreens: Wegen Stromverbrauch Ausbau-Stopp gefordert<\/a><\/p>\n<p>23.06.22: Persoenlich.com: <a href=\"https:\/\/www.persoenlich.com\/marketing\/gruppe-fordert-ausbaustopp-vom-stadtrat\">Gruppe fordert Ausbaustopp vom Stadtrat<\/a><\/p>\n<p>22.06.22: Radio SRF (Sendung HeuteMorgen u.a.): <a href=\"https:\/\/m.srf.ch\/news\/wirtschaft\/kritik-in-der-stadt-zuerich-led-werbewaende-kommen-unter-beschuss\">LED-Werbew\u00e4nde kommen unter Beschuss<\/a><\/p>\n<p>20.06.22: Werbewoche: <a href=\"https:\/\/www.werbewoche.ch\/de\/werbung\/2022-06-20\/werbescreen-stopp-gefordert-offener-brief-an-zuercher-stadtrat\/\" target=\"_blank\" rel=\"noopener\">Werbescreen-Stopp gefordert: Offener Brief an Z\u00fcrcher Stadtrat<\/a><\/p>\n<p>04.05.22: Tagblatt der Stadt Z\u00fcrich: <a href=\"https:\/\/www.plakat-raum-gesellschaft.ch\/div-dokumente\/Tagblatt_Zuerich_220504_S4.pdf\">Kritik an neuer Werbestrategie<\/a><\/p>\n<p>16.02.22: Infosperber: <a href=\"https:\/\/www.infosperber.ch\/wirtschaft\/werbung-und-pr\/werbescreens-erobern-die-schweiz-aus-hinterzimmern\/\">Werbescreens erobern die Schweiz aus Hinterzimmern<\/a><\/p>\n<h3>2021<\/h3>\n<p>September: Slap Me Baby Zine #4: <a href=\"https:\/\/shop.slapmebaby.ch\/product\/slap-me-baby-zine-4\">Stewia und Niemer im Gespr\u00e4ch mit Christian H\u00e4nggi<\/a><\/p>\n<h3>2020<\/h3>\n<p>2. Halbjahr\/Ausgabe 39: Widerspruch: <a href=\"https:\/\/widerspruch.ch\/sites\/default\/files\/article-document\/2023-03\/wsp_75_enteignung_hanggi.pdf\" target=\"_blank\" rel=\"noopener\">Gl\u00e4nzende Werbewelten: Enteignung mit beh\u00f6rdlichem Segen<\/a><\/p>\n<h3>2019<\/h3>\n<p>12.11.19: 20 Minuten:\u00a0<a href=\"https:\/\/www.20min.ch\/schweiz\/zuerich\/story\/Grosser-Widerstand-gegen-digitale-Werbetafeln-12547346\">\u00abLeute wollen in der Stadt keine Werbung sehen\u00bb<\/a><\/p>\n<p>12.11.19: Medienwoche:\u00a0<a href=\"https:\/\/medienwoche.ch\/2019\/11\/12\/revolutioniert-beem-den-werbemarkt\/\">Revolutioniert Beem den Werbemarkt?<\/a><\/p>\n<p>17.10.19: 20 Minuten:\u00a0<a href=\"https:\/\/www.20min.ch\/schweiz\/zuerich\/story\/-Betreiber-halten-Grenzwerte-nicht-ein--29355065\">\u00abBetreiber halten Grenzwerte nicht ein\u00bb<\/a><\/p>\n<p>19.08.19: Tages-Anzeiger:\u00a0<a href=\"https:\/\/www.tagesanzeiger.ch\/zuerich\/stadt\/die-schwarzen-kaestchen-an-zuercher-bahnhoefen-verschwinden-wieder\/story\/14506506\">Die schwarzen K\u00e4stchen an Z\u00fcrcher Bahnh\u00f6fen verschwinden wieder<\/a><\/p>\n<p>06.06.19: WOZ:\u00a0<a href=\"https:\/\/www.woz.ch\/1923\/werbung\/die-hochfrequenztoene-der-swisscom\" target=\"_blank\" rel=\"noopener\">Die Hochfrequenzt\u00f6ne der Swisscom<\/a><\/p>\n<p>01.06.19: Radio RaBe:\u00a0<a href=\"http:\/\/b\u00f6lznoeis.ch\/mysterise-schwarze-kstchen-am-bahnhof-ig-plakat-raum-gesellschaft\" target=\"_blank\" rel=\"noopener\">Mysteri\u00f6se schwarze K\u00e4stchen am Bahnhof: IG Plakat | Raum | Gesellschaft<\/a><\/p>\n<p>28.05.19: werbewoche.ch:\u00a0<a href=\"https:\/\/www.werbewoche.ch\/werbung\/2019-05-28\/swisscom-fuehrt-neue-interaktive-plattform-ein\" target=\"_blank\" rel=\"noopener\">Swisscom f\u00fchrt neue interaktive Plattform ein<\/a><\/p>\n<p>28.05.19: B\u00f6lz no eis (Youtube-Video):\u00a0<a href=\"https:\/\/www.youtube.com\/watch?v=YxPlRxMyxlI\" target=\"_blank\" rel=\"noopener\">Hochfrequenzstrahlen: So spionieren uns 20 Minuten, Watson und Swisscom aus!<\/a><\/p>\n<p>25.05.19: persoenlich.com:\u00a0<a href=\"https:\/\/www.persoenlich.com\/werbung\/plakate-am-hb-zapfen-handys-an\" target=\"_blank\" rel=\"noopener\">Plakate am HB zapfen Handys an<\/a><\/p>\n<p>25.05.19: Tages-Anzeiger:\u00a0<a href=\"https:\/\/www.tagesanzeiger.ch\/zuerich\/stadt\/Sammelt-dieses-mysterioese-Kaestchen-am-HB-unsere-Daten\/story\/25173695\" target=\"_blank\" rel=\"noopener\">Sammelt dieses mysteri\u00f6se K\u00e4stchen am HB unsere Daten?<\/a> (siehe auch: <a href=\"https:\/\/www.20min.ch\/schweiz\/zuerich\/story\/Sammelt-mysterioeses-Kaestchen-unsere-Daten--22479099\" target=\"_blank\" rel=\"noopener\">20 Minuten<\/a>)<\/p>\n<h3>2018<\/h3>\n<p>23.03.18: Aargauer Zeitung:\u00a0<a href=\"https:\/\/www.aargauerzeitung.ch\/ausland\/volksinitiative-will-werbung-aus-berlin-verbannen-die-plakat-werbung-hat-sich-totgelaufen-132352568\" target=\"_blank\" rel=\"noopener\">Volksinitiative will Werbung aus Berlin verbannen: \u00abDie Plakat-Werbung hat sich totgelaufen\u00bb<\/a><\/p>\n<h3>2017<\/h3>\n<p>10.11.17: Der Landbote:\u00a0<a href=\"https:\/\/www.landbote.ch\/winterthur\/standard\/ein-neuer-plakatedeal-fuer-die-stadt\/story\/18297501\" target=\"_blank\" rel=\"noopener\">Ein neuer Plakate-Deal f\u00fcr die Stadt<\/a><\/p>\n<p>01.07.17: Schweiz am Wochenende: <a href=\"https:\/\/www.plakat-raum-gesellschaft.ch\/medienspiegel\/schweiz-am-wochenende-170701.pdf\" target=\"_blank\" rel=\"noopener noreferrer\">SBB entdecken neues Werbeangebot<\/a>\u00a0(PDF, neues Fenster)<\/p>\n<p>01.07.17: Werbewoche: <a href=\"https:\/\/www.persoenlich.com\/marketing\/neue-werbeflache-sorgt-fur-kritik\">Neue Werbefl\u00e4che sorgt f\u00fcr Kritik<\/a><\/p>\n<p>09.01.17: BZ Basel:\u00a0<a href=\"https:\/\/www.bzbasel.ch\/basel\/basel-stadt\/basel-setzt-auf-umstrittene-werbe-bildschirme-130839198\" target=\"_blank\" rel=\"noopener\">Basel setzt auf umstrittene Werbe-Bildschirme<\/a><\/p>\n<p>01.01.17: Schweiz am Sonntag \/ BZ Basel \/ Solothurner Zeitung \/ Oltner Tagblatt \/ Watson:\u00a0<a href=\"http:\/\/www.watson.ch\/Digital\/Schweiz\/520051099-Umstrittene-Werbebildschirme-erobern-die-Schweiz\" target=\"_blank\" rel=\"noopener noreferrer\">Umstrittene Werbebildschirme erobern die Schweiz<\/a><\/p>\n<h3>2016<\/h3>\n<p>02.02.16: werbewoche.ch:\u00a0<a href=\"http:\/\/www.werbewoche.ch\/zu-guter-letzt\/2016-02-03\/zu-guter-letzt-das-ist-doch-der-gipfel\" target=\"_blank\" rel=\"noopener noreferrer\">Zu guter Letzt: Das ist doch der Gipfel<\/a><\/p>\n<p>02.02.16: persoenlich.com:\u00a0<a href=\"http:\/\/www.persoenlich.com\/prcorporate-communication\/broschure-fur-skiferien-ohne-werbeunterbrechung\" target=\"_blank\" rel=\"noopener noreferrer\">Brosch\u00fcre f\u00fcr \u00abSkiferien ohne Werbeunterbrechung\u00bb<\/a><\/p>\n<h3>2015<\/h3>\n<p>09.09.15: 20min.ch:\u00a0<a href=\"http:\/\/www.20min.ch\/schweiz\/zuerich\/story\/24177488\" target=\"_blank\" rel=\"noopener noreferrer\">Werbe-Screens bringen der Stadt mehr Geld<\/a><\/p>\n<p>03.09.15: Tages-Anzeiger: <a href=\"https:\/\/www.plakat-raum-gesellschaft.ch\/medienspiegel\/tages-anzeiger-150903.pdf\" target=\"_blank\" rel=\"noopener noreferrer\">Ansprechende Plakate<\/a>\u00a0(PDF, neues Fenster)<\/p>\n<p>03.09.15: Tages-Anzeiger: <a href=\"http:\/\/www.tagesanzeiger.ch\/zuerich\/stadt\/so-hell-wie-24-000-monde\/story\/22706184\" target=\"_blank\" rel=\"noopener noreferrer\">So hell wie 24&#8217;000 Monde<\/a><\/p>\n<p>16.07.15: Tages-Anzeiger: <a href=\"http:\/\/www.tagesanzeiger.ch\/zuerich\/stadt\/wenn-werbeplakate-ploetzlich-sprechen-koennen\/story\/11403616\" target=\"_blank\" rel=\"noopener noreferrer\">Wenn Werbeplakate pl\u00f6tzlich sprechen k\u00f6nnen<\/a><\/p>\n<p>09.07.15: Radio SRF, HeuteMorgen: <a href=\"https:\/\/www.plakat-raum-gesellschaft.ch\/medienspiegel\/HeuteMorgen_150709.mp3\" target=\"_blank\" rel=\"noopener noreferrer\">Gespr\u00e4ch mit IG PRG<\/a> (MP3 der kompletten Sendung inkl. anderen Themen)<\/p>\n<p>19.06.15: Werbewoche: <a href=\"http:\/\/www.werbewoche.ch\/werbung\/2015-07-01\/disput-um-bewegtbild-werbung-in-der-stadt\" target=\"_blank\" rel=\"noopener noreferrer\">Disput um Bewegtbild-Werbung in der Stadt<\/a><\/p>\n<p>26.05.15: 20min.ch:\u00a0<a href=\"http:\/\/www.20min.ch\/schweiz\/zuerich\/story\/29967675\" target=\"_blank\" rel=\"noopener noreferrer\">Die Leute haben Werbung einfach satt<\/a>\u00a0\/ 20 Minuten: <a href=\"https:\/\/www.plakat-raum-gesellschaft.ch\/medienspiegel\/20min-150526.pdf\" target=\"_blank\" rel=\"noopener noreferrer\">IG will Werbebildschirme der Stadt stoppen<\/a>\u00a0(PDF, neues Fenster)<\/p>\n<p>26.05.15: Netzwoche: <a href=\"http:\/\/www.netzwoche.ch\/news\/2015-05-27\/kampfansage-an-digital-signage\" target=\"_blank\" rel=\"noopener noreferrer\">Kampfansage an Digital Signage<\/a><\/p>\n<p>13.05.15: Ts\u00fcri:\u00a0<a href=\"https:\/\/tsri.ch\/zh\/es-ist-unsere-vision-dass-alle-kommerziellen-werbeflaechen-verboten-werden\/\" target=\"_blank\" rel=\"noopener noreferrer\">Plakate in Z\u00fcri nerven, findet diese Gruppe und attackiert den Stadtrat<\/a><\/p>\n<p>11.05.15: persoenlich.com: <a href=\"http:\/\/www.persoenlich.com\/kategorie-werbung\/petition-gegen-werbeflaechen-324644\" target=\"_blank\" rel=\"noopener noreferrer\">Petition gegen Werbefl\u00e4chen<\/a><\/p>\n<h3>2013<\/h3>\n<p>22.09.13: Schweiz am Sonntag: <a href=\"https:\/\/www.plakat-raum-gesellschaft.ch\/medienspiegel\/schweiz-am-sonntag-130922.pdf\" target=\"_blank\" rel=\"noopener noreferrer\">Wie doof ist Werbung?<\/a>\u00a0(PDF, neues Fenster)<\/p>\n<h3>2012<\/h3>\n<p>25.04.12: Z\u00fcrichsee-Zeitung: <a title=\"Zum ZSZ-Artikel &quot;Kritik an geplanten Werbeplakaten&quot;\" href=\"https:\/\/www.plakat-raum-gesellschaft.ch\/medienspiegel\/zsz-120425.pdf\" target=\"_blank\" rel=\"noopener noreferrer\">Kritik an geplanten Werbeplakaten<\/a>\u00a0(PDF, neues Fenster)<\/p>\n<p>25.04.12: Tages-Anzeiger: K\u00fcsnachter kritisieren geplante Werbeplakate (Adaptation des obigen ZSZ-Artikels)<\/p>\n<p>02.03.12: Werbewoche: <a href=\"https:\/\/www.plakat-raum-gesellschaft.ch\/medienspiegel\/werbewoche-120302.pdf\" target=\"_blank\" rel=\"noopener noreferrer\">Trams anmalen? Aber bitte mit Sahne!<\/a>\u00a0(PDF, neues Fenster)<\/p>\n<p>21.02.12: Tele Z\u00fcri: TalkT\u00e4glich zu den VBZ-Werbetrams <em>(nicht mehr online verf\u00fcgbar)<\/em><\/p>\n<p>21.02.12: Tages-Anzeiger: <a href=\"https:\/\/www.tagesanzeiger.ch\/beim-werbetram-sehen-viele-rot-459489540402\" target=\"_blank\" rel=\"noopener\">Beim Werbetram sehen viele rot<\/a><\/p>\n<h3>2011<\/h3>\n<p>19.12.11: Tages-Anzeiger: <a title=\"Tages-Anzeiger: Hausbesitzer sollen Plakatsteuer bezahlen\" href=\"http:\/\/www.tagesanzeiger.ch\/zuerich\/stadt\/Hausbesitzer-sollen-Plakatsteuer-bezahlen\/story\/21880544\" target=\"_blank\" rel=\"noopener noreferrer\">Hausbesitzer sollen Plakatsteuer bezahlen<\/a><\/p>\n<p>11.11.11: Tages-Anzeiger: <a title=\"Europa beneidet Z\u00fcrich um seine Plakate\" href=\"https:\/\/www.plakat-raum-gesellschaft.ch\/medienspiegel\/tages-anzeiger-111111.pdf\" target=\"_blank\" rel=\"noopener noreferrer\">\u00abEuropa beneidet Z\u00fcrich um seine Plakate\u00bb<\/a>\u00a0(PDF, neues Fenster)<\/p>\n<p>10.11.11: Tages-Anzeiger: <a title=\"Freie Sicht auf die Wand\" href=\"https:\/\/www.plakat-raum-gesellschaft.ch\/medienspiegel\/tages-anzeiger-111110.pdf\" target=\"_blank\" rel=\"noopener noreferrer\">Freie Sicht auf die Wand<\/a>\u00a0(PDF, neues Fenster)<\/p>\n<p>04.08.11: WOZ: <a title=\"Zum Artikel \u00fcber die erste Z\u00fcrcher Landsgemeinde\" href=\"https:\/\/www.woz.ch\/1131\/zuercher-landsgemeinde\/hochverehrte-liebe-mitlandsleute\" target=\"_blank\" rel=\"noopener noreferrer\">Z\u00fcrcher Landsgemeinde: \u00abHochverehrte, liebe Mitlandsleute\u00bb<\/a><\/p>\n<p>14.07.11: Z\u00fcrichsee-Zeitung: <a href=\"https:\/\/www.plakat-raum-gesellschaft.ch\/medienspiegel\/zsz-110714.pdf\" target=\"_blank\" rel=\"noopener noreferrer\">Utopien entwickeln unter freiem Himmel<\/a>\u00a0(PDF, neues Fenster)<\/p>\n<p>19.05.11: Tages-Anzeiger: <a href=\"http:\/\/www.tagesanzeiger.ch\/zuerich\/Weinwerbung-am-Pausenplatz-Gemeinden-setzen-enge-Grenzen\/story\/31964702\" target=\"_blank\" rel=\"noopener noreferrer\">Weinwerbung am Pausenplatz<\/a><\/p>\n<p>19.05.11: Z\u00fcrichsee-Zeitung: <a title=\"Zur Online-Ausgabe des Artikels \" href=\"https:\/\/www.plakat-raum-gesellschaft.ch\/medienspiegel\/zsz-110519.pdf\" target=\"_blank\" rel=\"noopener noreferrer\">\u00abWerbung wirkt wie Faust aufs Auge\u00bb<\/a>\u00a0(PDF, neues Fenster)<\/p>\n<p>18.05.11: NZZ: <a title=\"Zum NZZ-Artike \" href=\"https:\/\/www.nzz.ch\/beschwerde_wegen_plakat_gutgeheissen-1.10616900\" target=\"_blank\" rel=\"noopener noreferrer\">Beschwerde wegen Plakat gutgeheissen<\/a><\/p>\n<p>17.05.11: Werbewoche: <a href=\"http:\/\/www.werbewoche.ch\/werbung\/2011-05-17\/lauterkeitskommission-beschwerde-wegen-alkoholwerbung-gutgeheissen\" target=\"_blank\" rel=\"noopener noreferrer\">Lauterkeitskommission: Beschwerde wegen Alkoholwerbung gutgeheissen<\/a><\/p>\n<p>17.05.11: Klein Report: <a href=\"http:\/\/www.kleinreport.ch\/news\/lauterkeitskommission-tadelt-alkohol-und-zigarettenwerbung-bei-zuercher-schulhaeusern-65091\/\" target=\"_blank\" rel=\"noopener noreferrer\">Lauterkeitskommission tadelt Alkohol- und Zigarettenwerbung bei Z\u00fcrcher Schulh\u00e4usern<\/a><\/p>\n<p>16.05.11: persoenlich.com: <a href=\"http:\/\/www.persoenlich.com\/werbung\/beschwerde-gegen-clear-channel-gutgeheissen-299173\" target=\"_blank\" rel=\"noopener noreferrer\">Beschwerde gegen Clear Channel gutgeheissen<\/a><\/p>\n<h3>2010<\/h3>\n<p>07.04.10: werbewoche.ch: <a href=\"http:\/\/www.werbewoche.ch\/werbung\/2010-04-07\/werbung-und-gesellschaft-gespraech-ueber-aussenwerbung-in-zuerich\" target=\"_blank\" rel=\"noopener noreferrer\">Werbung und Gesellschaft: Gespr\u00e4ch \u00fcber Aussenwerbung in Z\u00fcrich<\/a><\/p>\n<p>11.01.10: Klein Report: <a href=\"http:\/\/www.kleinreport.ch\/news\/masterarbeit-zur-situation-der-aussenwerbung-in-der-stadt-zuerich-3446\/\" target=\"_blank\" rel=\"noopener noreferrer\">Masterarbeit zur Situation der Aussenwerbung in der Stadt Z\u00fcrich<\/a><\/p>\n<h3>2009<\/h3>\n<p>18.12.09: Schule und Leben: <a title=\"Zum Artikel: Vision einer Stadt ohne Plakate - Kritische Gedanken zur Werbung\" href=\"https:\/\/www.plakat-raum-gesellschaft.ch\/medienspiegel\/schule-leben-2009-06.pdf\" target=\"_blank\" rel=\"noopener noreferrer\">Vision einer Stadt ohne Plakate<\/a>\u00a0(PDF, neues Fenster)<\/p>\n<p>24.06.09: konsumpf.de:\u00a0<a href=\"http:\/\/konsumpf.de\/?p=4763\" target=\"_blank\" rel=\"noopener noreferrer\">Versuch gescheitert, sinnloser Werbung zu mehr Aufmerksamkeit zu verhelfen<\/a><\/p>\n<p>22.05.09: werbewoche.ch: <a title=\"Link zum Werbewoche-Artikel\" href=\"http:\/\/www.werbewoche.ch\/werbung\/2009-05-22\/tag-der-werbung-2009-kommentar-der-ig-prg\" target=\"_blank\" rel=\"noopener noreferrer\">Tag der Werbung 2009: Kommentar der IG PRG<\/a><\/p>\n<p>08.04.09: konsumpf.de: <a href=\"http:\/\/konsumpf.de\/?p=3745\" target=\"_blank\" rel=\"noopener noreferrer\">The Culture of Commercialism, Nachtrag<\/a><\/p>\n<h3>2008<\/h3>\n<p>01.06.08: pers\u00f6nlich Mai 2008: <a href=\"https:\/\/www.plakat-raum-gesellschaft.ch\/web2017\/index.php\/engagement-fur-die-werbe-und-kommunikationsfreiheit\/\" target=\"_blank\" rel=\"noopener noreferrer\">Engagement f\u00fcr die Werbe- und Kommunikationsfreiheit<\/a><\/p>\n<p>01.05.08: Schweizer Werbung SW\/PS: <a title=\"Piero Sch\u00e4fer: Leicht \u00fcberholt\" href=\"http:\/\/web.archive.org\/web\/20080601062936\/http:\/\/www.sw-ps.ch:80\/d\/aktuell\/komkom.php\" target=\"_blank\" rel=\"noopener noreferrer\">Leicht \u00fcberholt<\/a><\/p>\n<p>01.04.08: Extradienst: <a href=\"https:\/\/www.plakat-raum-gesellschaft.ch\/medienspiegel\/extradienst_2008-03.pdf\" target=\"_blank\" rel=\"noopener noreferrer\">Einfach nicht wegzuzappen<\/a>\u00a0(PDF, neues Fenster)<\/p>\n<p>16.03.08: S\u00fcddeutsche Zeitung: Das vertikale Gewerbe | <em>Englisch:<\/em> Goethe Institut: The Sight Industry\u00a0<em>(nicht mehr online verf\u00fcgbar)<\/em><\/p>\n<h3>2007<\/h3>\n<p>08.12.07: Respekt: <a href=\"https:\/\/www.respekt.cz\/tydenik\/2007\/50\/dekuji-nechci\" target=\"_blank\" rel=\"noopener noreferrer\">D\u011bkuji, nechci!<\/a><\/p>\n<p>Juni 2007: SW Monitor: <a href=\"https:\/\/www.plakat-raum-gesellschaft.ch\/medienspiegel\/sw_monitor_nr21-2007-juni.pdf\" target=\"_blank\" rel=\"noopener noreferrer\">\u00abGewisse Firmen wollen die Gestaltungsvorgaben nicht mehr einhalten\u00bb<\/a> (PDF, neues Fenster)<\/p>\n<p>15.05.07: Neue Z\u00fcrcher Zeitung: <a href=\"https:\/\/www.nzz.ch\/articleF6B75-1.359637\" target=\"_blank\" rel=\"noopener noreferrer\">Weniger Plakate gefordert<\/a><\/p>\n<p>11.05.07: KleinReport: <a href=\"http:\/\/www.kleinreport.ch\/news\/petition-will-nur-noch-haelfte-der-plakate-in-zuerich-17024\/\" target=\"_blank\" rel=\"noopener noreferrer\">Petition will nur noch H\u00e4lfte der Plakate in Z\u00fcrich<\/a><\/p>\n<p>10.05.07: werbewoche.ch: <a href=\"http:\/\/www.werbewoche.ch\/werbung\/petition-fuer-halbierung-der-plakatwerbung-in-zuerich-eingereicht\" target=\"_blank\" rel=\"noopener noreferrer\">Petition f\u00fcr Halbierung der Plakatwerbung in Z\u00fcrich eingereicht<\/a><\/p>\n<p>10.05.07: 20min.ch: <a href=\"http:\/\/www.20min.ch\/schweiz\/zuerich\/story\/31648082\" target=\"_blank\" rel=\"noopener noreferrer\">Z\u00fcrich soll sch\u00f6ner werden<\/a><\/p>\n<p>10.05.07: persoenlich.com: <a href=\"http:\/\/www.persoenlich.com\/werbung\/petition-fuer-halbierung-der-plakatwerbung-eingereicht-273013\" target=\"_blank\" rel=\"noopener noreferrer\">Petition f\u00fcr Halbierung der Plakatwerbung eingereicht<\/a><\/p>\n<p>04.05.07: Radio LoRa: Gespr\u00e4ch mit Kristian Marti und Christian H\u00e4nggi <em>(nicht mehr online verf\u00fcgbar)<\/em><\/p>\n<p>26.01.07: persoenlich.com: <a href=\"http:\/\/www.persoenlich.com\/werbung\/halbierung-der-plakatstellen-foerdert-werbewirkung-270689\" target=\"_blank\" rel=\"noopener noreferrer\">\u00abHalbierung der Plakatstellen f\u00f6rdert Werbewirkung\u00bb<\/a><\/p>\n<p>24.01.07: persoenlich.com: <a href=\"http:\/\/www.persoenlich.com\/werbung\/hatz-gegen-werbung-geht-weiter-270585\" target=\"_blank\" rel=\"noopener noreferrer\">\u00abHatz gegen Werbung geht weiter\u00bb<\/a><\/p>\n<p>23.01.07: werbewoche.ch: <a href=\"http:\/\/www.werbewoche.ch\/werbung\/schweizer-werbung-setzt-sich-fuer-plakate-ein\" target=\"_blank\" rel=\"noopener noreferrer\">Schweizer Werbung setzt sich f\u00fcr Plakate ein<\/a><\/p>\n<p>22.01.07: 20 Minuten: <a href=\"http:\/\/www.20min.ch\/tools\/suchen\/story\/24291201\" target=\"_blank\" rel=\"noopener noreferrer\">Plakatwerbung soll um die H\u00e4lfte reduziert werden<\/a><\/p>\n<p>22.01.07: Str\u00f6er Markt-Nachrichten: Schweiz: Zu viele Plakate? <em>(nicht mehr online verf\u00fcgbar)<\/em><\/p>\n<p>19.01.07: persoenlich.com: <a href=\"http:\/\/www.persoenlich.com\/werbung\/guerilla-aktion-an-egon-verleihung-270477\" target=\"_blank\" rel=\"noopener noreferrer\">Guerilla-Aktion an Egon-Verleihung<\/a><\/p>\n<p>19.01.07: Tages-Anzeiger: <a href=\"https:\/\/www.plakat-raum-gesellschaft.ch\/medienspiegel\/tages-anzeiger-070119.pdf\" target=\"_blank\" rel=\"noopener noreferrer\">Kampf gegen Werbung<\/a>\u00a0(PDF, neues Fenster)<\/p>\n<h3>2006<\/h3>\n<p>20.11.06: Z\u00fcri-Berlin Blog: <a href=\"http:\/\/zueri-berlin.blogspot.com\/2006\/11\/schner-leben-in-zrich.html\" target=\"_blank\" rel=\"noopener noreferrer\">Sch\u00f6ner leben in Z\u00fcrich<\/a><\/p>\n<p>01.06.06: Pers\u00f6nlich Rot: Erw\u00e4hnung in einem <a href=\"http:\/\/www.persoenlich.com\/pdf\/interviews\/interviews337.pdf\" target=\"_blank\" rel=\"noopener noreferrer\">Interview mit Kaspar Loeb, CEO von Publicis<\/a><\/p>\n<p>04.05.06: werbewoche.ch: <a title=\"Petition zur Einschr\u00e4nkung der Plakatwerbung in Z\u00fcrich lanciert\" href=\"http:\/\/www.werbewoche.ch\/werbung\/petition-zur-einschraenkung-der-plakatwerbung-in-zuerich-lanciert\" target=\"_blank\" rel=\"noopener noreferrer\">Petition zur Einschr\u00e4nkung der Plakatwerbung in Z\u00fcrich lanciert<\/a><\/p>\n<p>30.03.06: persoenlich.com: <a href=\"http:\/\/www.persoenlich.com\/marketing\/widerstand-gegen-neue-plakatflaechen-264520\" target=\"_blank\" rel=\"noopener noreferrer\">Widerstand gegen neue Plakatfl\u00e4chen<\/a><\/p>\n<p>29.03.06: Tages-Anzeiger: <a title=\"Widerstand gegen das Wuchern der Werbung\" href=\"https:\/\/www.plakat-raum-gesellschaft.ch\/medienspiegel\/tages-anzeiger-060329.pdf\" target=\"_blank\" rel=\"noopener noreferrer\">Widerstand gegen das Wuchern der Werbung<\/a>\u00a0(PDF, neues Fenster)<\/p>\n","protected":false},"excerpt":{"rendered":"<p>Die IG Plakat | Raum | Gesellschaft erh\u00e4lt immer wieder Presseanfragen zu Themen der Aussenwerbung.\u00a0Schreiben Sie uns eine E-Mail, falls wir etwas in unserem Medienspiegel \u00fcbersehen haben. 2025 23.04.25: Infosperber: Fadenscheinige Argumente f\u00fcr Bildschirmwerbung in der Stadt 03.04.25: Tele Z: Aktuell 29.03.25: NZZ: Seit 20 Jahren k\u00e4mpft Christian H\u00e4nggi gegen Werbeplakate. Er sagt: \u00abDas hat doch etwas Autorit\u00e4res, etwas Faschistisches\u00bb 20.03.25: Tages-Anzeiger: Linke setzen Werbeverbot durch \u2013 das bedeutet der&hellip; <a href=\"https:\/\/www.plakat-raum-gesellschaft.ch\/index.php\/in-der-presse\/\" class=\"more-link\">Weiterlesen <span class=\"meta-nav\">&rarr;<\/span><\/a><\/p>\n","protected":false},"author":1,"featured_media":0,"parent":0,"menu_order":0,"comment_status":"closed","ping_status":"closed","template":"","meta":{"footnotes":""},"class_list":["post-249","page","type-page","status-publish","hentry"],"_links":{"self":[{"href":"https:\/\/www.plakat-raum-gesellschaft.ch\/index.php\/wp-json\/wp\/v2\/pages\/249","targetHints":{"allow":["GET"]}}],"collection":[{"href":"https:\/\/www.plakat-raum-gesellschaft.ch\/index.php\/wp-json\/wp\/v2\/pages"}],"about":[{"href":"https:\/\/www.plakat-raum-gesellschaft.ch\/index.php\/wp-json\/wp\/v2\/types\/page"}],"author":[{"embeddable":true,"href":"https:\/\/www.plakat-raum-gesellschaft.ch\/index.php\/wp-json\/wp\/v2\/users\/1"}],"replies":[{"embeddable":true,"href":"https:\/\/www.plakat-raum-gesellschaft.ch\/index.php\/wp-json\/wp\/v2\/comments?post=249"}],"version-history":[{"count":91,"href":"https:\/\/www.plakat-raum-gesellschaft.ch\/index.php\/wp-json\/wp\/v2\/pages\/249\/revisions"}],"predecessor-version":[{"id":1461,"href":"https:\/\/www.plakat-raum-gesellschaft.ch\/index.php\/wp-json\/wp\/v2\/pages\/249\/revisions\/1461"}],"wp:attachment":[{"href":"https:\/\/www.plakat-raum-gesellschaft.ch\/index.php\/wp-json\/wp\/v2\/media?parent=249"}],"curies":[{"name":"wp","href":"https:\/\/api.w.org\/{rel}","templated":true}]}}