{"id":50,"date":"2017-05-22T10:46:20","date_gmt":"2017-05-22T10:46:20","guid":{"rendered":"http:\/\/www.plakat-raum-gesellschaft.ch\/web2017\/?page_id=50"},"modified":"2023-03-01T15:25:30","modified_gmt":"2023-03-01T14:25:30","slug":"ueber-uns","status":"publish","type":"page","link":"https:\/\/www.plakat-raum-gesellschaft.ch\/index.php\/ueber-uns\/","title":{"rendered":"Die IG Plakat | Raum | Gesellschaft"},"content":{"rendered":"<p><img loading=\"lazy\" decoding=\"async\" class=\"alignnone size-full wp-image-629\" src=\"https:\/\/www.plakat-raum-gesellschaft.ch\/web2017\/wp-content\/uploads\/2017\/05\/qwatch.jpg\" alt=\"Grosse Werbung ist grosser Quatsch\" width=\"640\" height=\"250\" srcset=\"https:\/\/www.plakat-raum-gesellschaft.ch\/wp-content\/uploads\/2017\/05\/qwatch.jpg 640w, https:\/\/www.plakat-raum-gesellschaft.ch\/wp-content\/uploads\/2017\/05\/qwatch-300x117.jpg 300w\" sizes=\"auto, (max-width: 640px) 100vw, 640px\" \/><\/p>\n<p><strong>Freie Sicht auf Z\u00fcrich!<\/strong> Die Interessengemeinschaft Plakat | Raum | Gesellschaft (IG PRG) setzt sich\u00a0f\u00fcr die nachhaltige Reduktion der Aussenwerbung in Stadt und Kanton Z\u00fcrich ein. F\u00fcr ein sch\u00f6neres Stadtbild, mehr Selbstbestimmung und Demokratie.<\/p>\n<p>Die IG PRG ist die einzige Organisation in der Deutschschweiz, die sich dem Thema der \u00fcberbordenden Aussenwerbung annimmt. Weil die meisten Mitglieder in und um Z\u00fcrich beheimatet sind, ist diese Region im Fokus des Vereins. Wer eine Ortssektion gr\u00fcnden m\u00f6chte, kann sich per E-Mail an <a href=\"mailto:info@plakat-raum-gesellschaft.ch\">info@plakat-raum-gesellschaft.ch<\/a>\u00a0mit uns in Verbindung setzen.<\/p>\n<h3>Mitglied werden\/Spenden<\/h3>\n<p>Als Mitglied der IG Plakat | Raum | Gesellschaft werden Sie regelm\u00e4ssig \u00fcber das Vereinsgeschehen informiert und haben die M\u00f6glichkeit, daran teilzunehmen. Einmal j\u00e4hrlich findet eine ordentliche Generalversammlung statt.<\/p>\n<p>Der j\u00e4hrliche Mitgliederbeitrag betr\u00e4gt CHF 25.- f\u00fcr nat\u00fcrliche und CHF 100.- f\u00fcr juristische Personen und Handelsgesellschaften ohne Rechtspers\u00f6nlichkeit.<\/p>\n<p>Wenn Sie unsere <a title=\"Link zu unseren Statuten\" href=\"https:\/\/www.plakat-raum-gesellschaft.ch\/index.php\/statuten\/\">Statuten<\/a> gelesen haben und der IG Plakat | Raum | Gesellschaft beitreten m\u00f6chten, schreiben Sie uns bitte eine E-Mail an\u00a0<a href=\"mailto:info@plakat-raum-gesellschaft.ch\">info@plakat-raum-gesellschaft.ch<\/a> und bezahlen Ihren Mitgliederbeitrag auf folgendes Konto ein:<\/p>\n<p>IG Plakat|Raum|Gesellschaft<br \/>\nHaslerstrasse 3<br \/>\n8003 Z\u00fcrich<\/p>\n<p>PC-Konto 85-192174-9<br \/>\nIBAN:\u00a0CH65 0900 0000 8519 2174 9<\/p>\n<h3>Vorstand<\/h3>\n<p><strong>Christian H\u00e4nggi<\/strong>, Pr\u00e4sident<br \/>\n<a href=\"mailto:christian.haenggi@plakat-raum-gesellschaft.ch\">christian.haenggi@plakat-raum-gesellschaft.ch<\/a><\/p>\n<p><strong>Michael Stebler<\/strong>, Vorstandsmitglied<br \/>\n<a href=\"mailto:michael.stebler@plakat-raum-gesellschaft.ch\">michael.stebler@plakat-raum-gesellschaft.ch<\/a><\/p>\n","protected":false},"excerpt":{"rendered":"<p>Freie Sicht auf Z\u00fcrich! Die Interessengemeinschaft Plakat | Raum | Gesellschaft (IG PRG) setzt sich\u00a0f\u00fcr die nachhaltige Reduktion der Aussenwerbung in Stadt und Kanton Z\u00fcrich ein. F\u00fcr ein sch\u00f6neres Stadtbild, mehr Selbstbestimmung und Demokratie. Die IG PRG ist die einzige Organisation in der Deutschschweiz, die sich dem Thema der \u00fcberbordenden Aussenwerbung annimmt. Weil die meisten Mitglieder in und um Z\u00fcrich beheimatet sind, ist diese Region im Fokus des Vereins. Wer&hellip; <a href=\"https:\/\/www.plakat-raum-gesellschaft.ch\/index.php\/ueber-uns\/\" class=\"more-link\">Weiterlesen <span class=\"meta-nav\">&rarr;<\/span><\/a><\/p>\n","protected":false},"author":1,"featured_media":629,"parent":0,"menu_order":0,"comment_status":"closed","ping_status":"closed","template":"","meta":{"footnotes":""},"class_list":["post-50","page","type-page","status-publish","has-post-thumbnail","hentry"],"_links":{"self":[{"href":"https:\/\/www.plakat-raum-gesellschaft.ch\/index.php\/wp-json\/wp\/v2\/pages\/50","targetHints":{"allow":["GET"]}}],"collection":[{"href":"https:\/\/www.plakat-raum-gesellschaft.ch\/index.php\/wp-json\/wp\/v2\/pages"}],"about":[{"href":"https:\/\/www.plakat-raum-gesellschaft.ch\/index.php\/wp-json\/wp\/v2\/types\/page"}],"author":[{"embeddable":true,"href":"https:\/\/www.plakat-raum-gesellschaft.ch\/index.php\/wp-json\/wp\/v2\/users\/1"}],"replies":[{"embeddable":true,"href":"https:\/\/www.plakat-raum-gesellschaft.ch\/index.php\/wp-json\/wp\/v2\/comments?post=50"}],"version-history":[{"count":19,"href":"https:\/\/www.plakat-raum-gesellschaft.ch\/index.php\/wp-json\/wp\/v2\/pages\/50\/revisions"}],"predecessor-version":[{"id":1084,"href":"https:\/\/www.plakat-raum-gesellschaft.ch\/index.php\/wp-json\/wp\/v2\/pages\/50\/revisions\/1084"}],"wp:featuredmedia":[{"embeddable":true,"href":"https:\/\/www.plakat-raum-gesellschaft.ch\/index.php\/wp-json\/wp\/v2\/media\/629"}],"wp:attachment":[{"href":"https:\/\/www.plakat-raum-gesellschaft.ch\/index.php\/wp-json\/wp\/v2\/media?parent=50"}],"curies":[{"name":"wp","href":"https:\/\/api.w.org\/{rel}","templated":true}]}}